{"id":4811,"date":"2020-07-02T11:41:32","date_gmt":"2020-07-02T09:41:32","guid":{"rendered":"http:\/\/www.cinema-contis.fr\/site_festival\/?page_id=4811"},"modified":"2020-07-03T13:12:27","modified_gmt":"2020-07-03T11:12:27","slug":"les-tournages-contis-plage-productions-cinematographiques","status":"publish","type":"page","link":"http:\/\/www.cinema-contis.fr\/site_festival\/les-tournages-contis-plage-productions-cinematographiques\/","title":{"rendered":"Les tournages Contis Plage Productions Cin\u00e9matographiques"},"content":{"rendered":"\n<p class=\"has-text-color has-text-align-center has-very-dark-gray-color\">Durant 8 ann\u00e9es, de 1996 \u00e0 2004, chaque festival fut l&rsquo;occasion de tourner un court m\u00e9trage en 35mm \u00e0 Contis. R\u00e9alis\u00e9 et mont\u00e9 durant le festival, le film \u00e9tait projet\u00e9 le soir de la c\u00e9r\u00e9monie de cl\u00f4ture. Un v\u00e9ritable d\u00e9fi pour l&rsquo;\u00e9poque !<\/p>\n\n\n\n<h3 class=\"has-text-align-center wp-block-heading\">Les 8 extraits<\/h3>\n\n\n\n<div align=\"center\"><iframe loading=\"lazy\" width=\"560\" height=\"315\" src=\"https:\/\/www.youtube.com\/embed\/Rs_2BvoYqMQ?rel=0\" frameborder=\"0\" allow=\"accelerometer; autoplay; encrypted-media; gyroscope; picture-in-picture\" allowfullscreen=\"\"><\/iframe><\/div>\n\n\n\n<p class=\"has-text-align-center\">Extraits des 8 courts-m\u00e9trages tourn\u00e9s pendant les 8 premiers Festivals Cin\u00e9-F\u00eate.<\/p>\n\n\n\n<h3 class=\"has-text-align-center wp-block-heading\"><em>Souvenirs vagues<\/em>, de Philippe Rony<\/h3>\n\n\n\n<div align=\"center\"><iframe loading=\"lazy\" width=\"560\" height=\"315\" src=\"https:\/\/www.youtube.com\/embed\/KcU_82_lIbE?rel=0\" frameborder=\"0\" allow=\"accelerometer; autoplay; encrypted-media; gyroscope; picture-in-picture\" allowfullscreen=\"\"><\/iframe><\/div>\n\n\n\n<p class=\"has-text-align-center\">\u00ab\u00a0SOUVENIRS VAGUES\u00a0\u00bb court-m\u00e9trage r\u00e9alis\u00e9 pendant le 1er Festival Cin\u00e9-f\u00eate \u00e0 Contis, en 1996 par Philippe Rony.<\/p>\n\n\n\n<h3 class=\"has-text-align-center wp-block-heading\"><em>Chiche<\/em>, de Bernard Blancan<\/h3>\n\n\n\n<div align=\"center\"><iframe loading=\"lazy\" width=\"560\" height=\"315\" src=\"https:\/\/www.youtube.com\/embed\/pg2-dmzFa_s?rel=0\" frameborder=\"0\" allow=\"accelerometer; autoplay; encrypted-media; gyroscope; picture-in-picture\" allowfullscreen=\"\"><\/iframe><\/div>\n\n\n\n<p class=\"has-text-align-center\">\u00ab\u00a0CHICHE !\u00a0\u00bb court-m\u00e9trage r\u00e9alis\u00e9 par Bernard Blancan pendant le 2\u00e8me Festival Cin\u00e9-f\u00eate \u00e0 Contis en 1997.<\/p>\n\n\n\n<h3 class=\"has-text-align-center wp-block-heading\"><em>Le tombeur<\/em>, de Olivier Abbou et Bruno Merle<\/h3>\n\n\n\n<div align=\"center\"><iframe loading=\"lazy\" width=\"560\" height=\"315\" src=\"https:\/\/www.youtube.com\/embed\/zNw28eJ87UM?rel=0\" frameborder=\"0\" allow=\"accelerometer; autoplay; encrypted-media; gyroscope; picture-in-picture\" allowfullscreen=\"\"><\/iframe><\/div>\n\n\n\n<p class=\"has-text-align-center\">\u00ab\u00a0LE TOMBEUR\u00a0\u00bb court-m\u00e9trage r\u00e9alis\u00e9 pendant le 3 \u00e8me Festival Cin\u00e9-f\u00eate \u00e0 Contis en 1998, par Olivier Abbou et Bruno Merle.<\/p>\n\n\n\n<h3 class=\"has-text-align-center wp-block-heading\"><em>Mille morceaux<\/em>, de Fr\u00e9d\u00e9ric Benzaquen<\/h3>\n\n\n\n<div align=\"center\"><iframe loading=\"lazy\" width=\"560\" height=\"315\" src=\"https:\/\/www.youtube.com\/embed\/P2fKfL1_GsA?rel=0\" frameborder=\"0\" allow=\"accelerometer; autoplay; encrypted-media; gyroscope; picture-in-picture\" allowfullscreen=\"\"><\/iframe><\/div>\n\n\n\n<p class=\"has-text-align-center\">\u00ab\u00a0MILLE MORCEAUX\u00a0\u00bb court-m\u00e9trage r\u00e9alis\u00e9 \u00e0 Contis pendant le 4 \u00e8me Festival Cin\u00e9-f\u00eate \u00e0 Contis en 1999 par Fr\u00e9d\u00e9ric Benzaquen.<\/p>\n\n\n\n<h3 class=\"has-text-align-center wp-block-heading\"><em>Le passage<\/em>, de Charlotte Walior<\/h3>\n\n\n\n<div align=\"center\"><iframe loading=\"lazy\" width=\"560\" height=\"315\" src=\"https:\/\/www.youtube.com\/embed\/BTSaWzvEIJk?rel=0\" frameborder=\"0\" allow=\"accelerometer; autoplay; encrypted-media; gyroscope; picture-in-picture\" allowfullscreen=\"\"><\/iframe><\/div>\n\n\n\n<p class=\"has-text-align-center\">\u00ab\u00a0LE PASSAGE\u00a0\u00bb court-m\u00e9trage r\u00e9alis\u00e9 pendant le 5 \u00e8me Festival Cin\u00e9-f\u00eate \u00e0 Contis en 2000 par Charlotte Walior.<\/p>\n\n\n\n<h3 class=\"has-text-align-center wp-block-heading\"><em>Le probl\u00e8me de la nudit\u00e9<\/em>, de Kim Masse et Vincent Ravalec<\/h3>\n\n\n\n<div align=\"center\"><iframe loading=\"lazy\" width=\"560\" height=\"315\" src=\"https:\/\/www.youtube.com\/embed\/jb74Hl43bzI?rel=0\" frameborder=\"0\" allow=\"accelerometer; autoplay; encrypted-media; gyroscope; picture-in-picture\" allowfullscreen=\"\"><\/iframe><\/div>\n\n\n\n<p class=\"has-text-align-center\">\u00ab\u00a0LE PROBL\u00c8ME DE LA NUDIT\u00c9\u00a0\u00bb court-m\u00e9trage r\u00e9alis\u00e9 pendant le 6\u00e8me Festival Cin\u00e9-f\u00eate \u00e0 contis en 2001 par Kim Masse et Vincent Ravalec. La bande originale a \u00e9t\u00e9 compos\u00e9e par Stephan Eicher et Achim Meier, interpr\u00e9t\u00e9e et enregistr\u00e9e en direct lors de la projection du film.<\/p>\n\n\n\n<h3 class=\"has-text-align-center wp-block-heading\"><em>Mimosa<\/em>, de Philippe Rony<\/h3>\n\n\n\n<div align=\"center\"><iframe loading=\"lazy\" width=\"560\" height=\"315\" src=\"https:\/\/www.youtube.com\/embed\/SJXYQfSgKOA?rel=0\" frameborder=\"0\" allow=\"accelerometer; autoplay; encrypted-media; gyroscope; picture-in-picture\" allowfullscreen=\"\"><\/iframe><\/div>\n\n\n\n<p class=\"has-text-align-center\">\u00ab\u00a0MIMOSA\u00a0\u00bb court-m\u00e9trage r\u00e9alis\u00e9 pendant le 7\u00e8me Festival Cin\u00e9-f\u00eate \u00e0 Contis en 2002 par Philippe Rony.<\/p>\n\n\n\n<h3 class=\"has-text-align-center wp-block-heading\"><em>Fronti\u00e8re bleue<\/em>, d&rsquo;Alain Cazuc<\/h3>\n\n\n\n<div align=\"center\"><iframe loading=\"lazy\" width=\"560\" height=\"315\" src=\"https:\/\/www.youtube.com\/embed\/3GmDqpnb1PQ?rel=0\" frameborder=\"0\" allow=\"accelerometer; autoplay; encrypted-media; gyroscope; picture-in-picture\" allowfullscreen=\"\"><\/iframe><\/div>\n\n\n\n<p class=\"has-text-align-center\">\u00ab\u00a0FRONTI\u00c8RE BLEUE\u00a0\u00bb court-m\u00e9trage de Alain Cazuc r\u00e9alis\u00e9 pendant le 8\u00e8me Festival Cin\u00e9-f\u00eate \u00e0 Contis en 2003.<\/p>\n\n\n\n<h3 class=\"has-text-align-center wp-block-heading\"><em>Mes rushes hours<\/em>, par Rainer<\/h3>\n\n\n\n<div align=\"center\"><iframe loading=\"lazy\" width=\"560\" height=\"315\" src=\"https:\/\/www.youtube.com\/embed\/_oLXjVSB-b0?rel=0\" frameborder=\"0\" allow=\"accelerometer; autoplay; encrypted-media; gyroscope; picture-in-picture\" allowfullscreen=\"\"><\/iframe><\/div>\n\n\n\n<p class=\"has-text-align-center\">Une balade de Rainer \u00e0 travers les 8 tournages.<\/p>\n","protected":false},"excerpt":{"rendered":"<p>Durant 8 ann\u00e9es, de 1996 \u00e0 2004, chaque festival fut l&rsquo;occasion de tourner un court m\u00e9trage en 35mm \u00e0 Contis. R\u00e9alis\u00e9 et mont\u00e9 durant le festival, le film \u00e9tait projet\u00e9 le soir de la c\u00e9r\u00e9monie de cl\u00f4ture. Un v\u00e9ritable d\u00e9fi pour l&rsquo;\u00e9poque ! Les 8 extraits Extraits des 8 courts-m\u00e9trages tourn\u00e9s pendant les 8 premiers [&hellip;]<\/p>\n","protected":false},"author":1,"featured_media":0,"parent":0,"menu_order":0,"comment_status":"closed","ping_status":"closed","template":"","meta":{"_monsterinsights_skip_tracking":false,"_monsterinsights_sitenote_active":false,"_monsterinsights_sitenote_note":"","_monsterinsights_sitenote_category":0,"footnotes":""},"_links":{"self":[{"href":"http:\/\/www.cinema-contis.fr\/site_festival\/wp-json\/wp\/v2\/pages\/4811"}],"collection":[{"href":"http:\/\/www.cinema-contis.fr\/site_festival\/wp-json\/wp\/v2\/pages"}],"about":[{"href":"http:\/\/www.cinema-contis.fr\/site_festival\/wp-json\/wp\/v2\/types\/page"}],"author":[{"embeddable":true,"href":"http:\/\/www.cinema-contis.fr\/site_festival\/wp-json\/wp\/v2\/users\/1"}],"replies":[{"embeddable":true,"href":"http:\/\/www.cinema-contis.fr\/site_festival\/wp-json\/wp\/v2\/comments?post=4811"}],"version-history":[{"count":15,"href":"http:\/\/www.cinema-contis.fr\/site_festival\/wp-json\/wp\/v2\/pages\/4811\/revisions"}],"predecessor-version":[{"id":4985,"href":"http:\/\/www.cinema-contis.fr\/site_festival\/wp-json\/wp\/v2\/pages\/4811\/revisions\/4985"}],"wp:attachment":[{"href":"http:\/\/www.cinema-contis.fr\/site_festival\/wp-json\/wp\/v2\/media?parent=4811"}],"curies":[{"name":"wp","href":"https:\/\/api.w.org\/{rel}","templated":true}]}}