{"id":5222,"date":"2020-07-12T21:55:06","date_gmt":"2020-07-12T19:55:06","guid":{"rendered":"http:\/\/www.cinema-contis.fr\/site_festival\/?page_id=5222"},"modified":"2020-07-12T21:55:43","modified_gmt":"2020-07-12T19:55:43","slug":"des-nouvelles-du-cinema-de-contis","status":"publish","type":"page","link":"http:\/\/www.cinema-contis.fr\/site_festival\/des-nouvelles-du-cinema-de-contis\/","title":{"rendered":"Des nouvelles du Cin\u00e9ma de Contis"},"content":{"rendered":"<p>[vc_row][vc_column][vc_column_text]<\/p>\n<p style=\"text-align: left;\"><span style=\"color: #000000;\"><strong><b>Tr\u00e8s chers amis spectateurs,<\/b><\/strong><\/span><br \/>\n<span style=\"color: #000000;\"><strong><b>cher public.<\/b><\/strong><\/span><\/p>\n<p style=\"text-align: left;\"><strong><span style=\"color: #000000;\">Les conditions requises ne sont pas r\u00e9unies pour rouvrir le Cin\u00e9ma de Contis, pour l\u2019instant.<\/span><\/strong><\/p>\n<p style=\"text-align: left;\"><span style=\"color: #000000;\">En effet outre les conditions sanitaires, les distributeurs rendent l\u2019acc\u00e8s aux films tr\u00e8s difficile, de nombreuses sorties sont diff\u00e9r\u00e9es.<\/span><br \/>\n<span style=\"color: #000000;\">D\u2019ailleurs plusieurs cin\u00e9mas sont oblig\u00e9s de fermer \u00e0 nouveau ou en tous cas de diminuer le nombre de leurs s\u00e9ances.<\/span><br \/>\n<span style=\"color: #000000;\">Dans ces conditions nous n\u2019avons m\u00eame pas les moyens de risquer une r\u00e9ouverture.<\/span><br \/>\n<span style=\"color: #000000;\">Vous pouvez nous retrouver sur&nbsp;<a style=\"color: #000000;\" href=\"http:\/\/cinema-contis.fr\/\" data-saferedirecturl=\"https:\/\/www.google.com\/url?q=http:\/\/cinema-contis.fr&amp;source=gmail&amp;ust=1594465735655000&amp;usg=AFQjCNFTpb52SnS2zr0cHcZEyY7a79IDyQ\">cinema-contis.fr.<\/a><\/span><\/p>\n<p style=\"text-align: left;\"><span style=\"color: #000000;\"><strong><b>\u00c0 tr\u00e8s vite<\/b><\/strong><\/span><br \/>\n<span style=\"color: #000000;\"><strong><b>Betty et Rainer<\/b><\/strong><\/span><\/p>\n<p>[\/vc_column_text][\/vc_column][\/vc_row]<\/p>\n","protected":false},"excerpt":{"rendered":"<p>[vc_row][vc_column][vc_column_text] Tr\u00e8s chers amis spectateurs, cher public. Les conditions requises ne sont pas r\u00e9unies pour rouvrir le Cin\u00e9ma de Contis, pour l\u2019instant. En effet outre les conditions sanitaires, les distributeurs rendent l\u2019acc\u00e8s aux films tr\u00e8s difficile, de nombreuses sorties sont diff\u00e9r\u00e9es. D\u2019ailleurs plusieurs cin\u00e9mas sont oblig\u00e9s de fermer \u00e0 nouveau ou en tous cas de [&hellip;]<\/p>\n","protected":false},"author":2,"featured_media":0,"parent":0,"menu_order":0,"comment_status":"closed","ping_status":"closed","template":"","meta":{"_monsterinsights_skip_tracking":false,"_monsterinsights_sitenote_active":false,"_monsterinsights_sitenote_note":"","_monsterinsights_sitenote_category":0,"footnotes":""},"_links":{"self":[{"href":"http:\/\/www.cinema-contis.fr\/site_festival\/wp-json\/wp\/v2\/pages\/5222"}],"collection":[{"href":"http:\/\/www.cinema-contis.fr\/site_festival\/wp-json\/wp\/v2\/pages"}],"about":[{"href":"http:\/\/www.cinema-contis.fr\/site_festival\/wp-json\/wp\/v2\/types\/page"}],"author":[{"embeddable":true,"href":"http:\/\/www.cinema-contis.fr\/site_festival\/wp-json\/wp\/v2\/users\/2"}],"replies":[{"embeddable":true,"href":"http:\/\/www.cinema-contis.fr\/site_festival\/wp-json\/wp\/v2\/comments?post=5222"}],"version-history":[{"count":3,"href":"http:\/\/www.cinema-contis.fr\/site_festival\/wp-json\/wp\/v2\/pages\/5222\/revisions"}],"predecessor-version":[{"id":5224,"href":"http:\/\/www.cinema-contis.fr\/site_festival\/wp-json\/wp\/v2\/pages\/5222\/revisions\/5224"}],"wp:attachment":[{"href":"http:\/\/www.cinema-contis.fr\/site_festival\/wp-json\/wp\/v2\/media?parent=5222"}],"curies":[{"name":"wp","href":"https:\/\/api.w.org\/{rel}","templated":true}]}}